{"id":951,"date":"2024-06-04T20:15:48","date_gmt":"2024-06-04T20:15:48","guid":{"rendered":"https:\/\/bluemec.de\/?page_id=951"},"modified":"2025-02-18T09:22:02","modified_gmt":"2025-02-18T09:22:02","slug":"datenschutz","status":"publish","type":"page","link":"https:\/\/bluemec.de\/en\/datenschutz\/","title":{"rendered":"Privacy protection"},"content":{"rendered":"<div class=\"gb-container gb-container-fc1fcae4\">\n<div class=\"gb-container gb-container-a5d82dbf\">\n\n<h3 class=\"wp-block-heading\">Datenschutzerkl\u00e4rung entsprechend der gesetzlichen Vorgaben nach Art. 13 und 14 der Datenschutzgrundverordnung (DS-GVO)<\/h3>\n\n\n\n<p>Die Firma blueMEC GmbH \u2013 vertreten durch den Gesch\u00e4ftsf\u00fchrer Bastian Gruschka kommt mit dieser Datenschutzerkl\u00e4rung ihrer Informationspflicht gem. Artikel 12 i.V.m. Artikel 13 der EU-Datenschutzgrundverordnung (DS-GVO), bzw. gem. Artikel 14 DS-GVO nach. Im letzteren Fall, nur, falls die Gesellschaft oder ihr Vertreter personenbezogene Daten von Dritten \u00fcbermittelt bekommt und keine Direkterhebung Ihrer pers\u00f6nlichen Daten durch die Gesellschaft erfolgt sein sollte.<br>Ich, Bastian Gruschka verfolge als Verantwortlicher f\u00fcr den Datenschutz mit dieser Datenschutzerkl\u00e4rung das Ziel zu beschreiben, welche personenbezogenen Daten wir zu welchem Zweck verarbeiten und welche Rechte Sie diesbez\u00fcglich haben, wenn Sie diese Webseite nutzen und mit uns dar\u00fcber Kontakt aufnehmen.<\/p>\n\n\n\n<h3 class=\"wp-block-heading\">Begriffsdefinitionen<\/h3>\n\n\n\n<p>In diesem Abschnitt erhalten Sie eine \u00dcbersicht \u00fcber die in dieser Datenschutzerkl\u00e4rung verwendeten Begrifflichkeiten. Viele der Begriffe sind dem Gesetz entnommen und vor allem im Art. 4 DSGVO definiert. Die gesetzlichen Definitionen sind verbindlich. Die nachfolgenden Erl\u00e4uterungen sollen dagegen vor allem dem Verst\u00e4ndnis dienen. Die Begriffe sind alphabetisch sortiert.<br>Personenbezogene Daten: \u201ePersonenbezogene Daten\u201c sind alle Informationen, die sich auf eine identifizierte oder identifizierbare nat\u00fcrliche Person (im Folgenden \u201ebetroffene Person\u201c) beziehen; als identifizierbar wird eine nat\u00fcrliche Person angesehen, die direkt oder indirekt, insbesondere mittels Zuordnung zu einer Kennung wie einem Namen, zu einer Kennnummer, zu Standortdaten, zu einer Online-Kennung (z.B. Cookie) oder zu einem oder mehreren besonderen Merkmalen identifiziert werden kann, die Ausdruck der physischen, physiologischen, genetischen, psychischen, wirtschaftlichen, kulturellen oder sozialen Identit\u00e4t dieser nat\u00fcrlichen Person sind.<br>Verantwortlicher: Als \u201eVerantwortlicher\u201c wird die nat\u00fcrliche oder juristische Person, Beh\u00f6rde, Einrichtung oder andere Stelle, die allein oder gemeinsam mit anderen \u00fcber die Zwecke und Mittel der Verarbeitung von personenbezogenen Daten entscheidet, bezeichnet.<br>Verarbeitung: \u201eVerarbeitung\u201c ist jeder mit oder ohne Hilfe automatisierter Verfahren ausgef\u00fchrte Vorgang oder jede solche Vorgangsreihe im Zusammenhang mit personenbezogenen Daten. Der Begriff reicht weit und umfasst praktisch jeden Umgang mit Daten, sei es das Erheben, das Auswerten, das Speichern, das \u00dcbermitteln oder das L\u00f6schen.<\/p>\n\n\n\n<p>Verantwortlicher nach DS-GVO respektive der jeweils geltenden nationalen Datenschutzgesetze der europ\u00e4ischen Mitgliedsstaaten sowie sonstiger nationaler Bestimmungen, die den Datenschutz betreffen, ist:<\/p>\n\n\n\n<p>blueMEC GmbH\u2028,<br>vertreten durch ihren Gesch\u00e4ftsf\u00fchrer Bastian Gruschka<br>Walther-Diekmann-Str. 20,<br>26133 Oldenburg<br>Tel.: +49 441 1818 4158<br>bastian.gruschka@bluemec.de<br>Die verantwortliche Stelle entscheidet allein oder gemeinsam mit anderen \u00fcber die Zwecke und Mittel der Verarbeitung von personenbezogenen Daten (z.B. Namen, Kontaktdaten o. \u00c4.).<\/p>\n\n\n\n<h3 class=\"wp-block-heading\">Verarbeitung personenbezogener Daten<\/h3>\n\n\n\n<h4 class=\"wp-block-heading\">Umfang der Datenverarbeitung<\/h4>\n\n\n\n<p>Eine Verarbeitung personenbezogener Daten erfolgt grunds\u00e4tzlich nur, soweit dies erforderlich ist und folgt damit dem Prinzip der Datenminimierung nach Art. 5 Abs. lit. c DSGVO. Die Gesellschaft wird vorrangig eine Einwilligung der betroffenen Nutzer einholen, soweit dies nicht aus tats\u00e4chlichen Gr\u00fcnden ausgeschlossen ist und\/oder eine gesetzliche Erlaubnisnorm vorliegt, die die Verarbeitung rechtfertigt.<br>Soweit die Verarbeitung auf einer Einwilligung der Betroffenen beruht ist Art. 6 Abs. 1 lit. a DS-GVO Rechtsgrundlage.<br>Soweit die Verarbeitung auf Basis eines mit dem Betroffenen geschlossenen Vertrages beruht ist Art. 6 Abs. 1 lit. b DS-GVO Rechtsgrundlage. Dies gilt auch f\u00fcr vorvertragliche Ma\u00dfnahmen auf Anfrage der betroffenen Person, wie beispielsweise bei einem Wunsch nach einer Terminvergabe.<br>Soweit eine Verarbeitung personenbezogener Daten zur Erf\u00fcllung einer rechtlichen Verpflichtung erforderlich ist, ist Art. 6 Abs. 1 lit. c DS-GVO Rechtsgrundlage. Das ist z.B. bei gesetzlichen Aufbewahrungsvorschriften der Fall.<br>Soweit die Verarbeitung zur Wahrung eines berechtigten Interesses durch die Gesellschaft oder eines Dritten erforderlich ist und \u00fcberwiegen die Interessen, Grundrechte und Grundfreiheiten des Betroffenen die Interessen der Gesellschaft nicht, ist Art. 6 Abs. 1 lit. f DS-GVO Rechtsgrundlage. Dies ist u.a. dann der Fall, wenn personenbezogene Daten wie die Erfassung einer IP-Adresse vor der missbr\u00e4uchlichen Verwendung dieser Webseite sch\u00fctzen soll, wie dies beispielsweise bei Hackerangriffen der Fall ist.<\/p>\n\n\n\n<h4 class=\"wp-block-heading\">Wie werden Ihre Daten verarbeitet?<\/h4>\n\n\n\n<p>F\u00fcr die Verarbeitung Ihrer personenbezogenen Daten nutzt die Gesellschaft sog. Auftragsverarbeiter gem. Art. 4 Nr. 8 DS-GVO.<br>Ein Auftragsverarbeiter verarbeitet personenbezogene Daten im Auftrag des Verantwortlichen. Der Auftragsverarbeiter kann eine nat\u00fcrliche Person, juristische Person, Verein oder eine Beh\u00f6rde sein.<\/p>\n\n\n\n<h4 class=\"wp-block-heading\">Warum arbeiten wir mit Auftragsverarbeitern zusammen?<\/h4>\n\n\n\n<p>Auftragsverarbeiter gew\u00e4hrleisten, alle nach Art. 25 i.V. mit Art. 32 DS-GVO erforderlichen technischen und organisatorischen Ma\u00dfnahmen zu ergreifen, die der Verantwortliche auf einem eigenen Server aufgrund eines unverh\u00e4ltnism\u00e4\u00dfigen Aufwandes nicht gew\u00e4hrleisten k\u00f6nnte (z.B. Einsatz einer Sprinkleranlage, 24\/7-Kontrollen aller Systeme, Wasserschutzma\u00dfnahmen und Zugangskontrollen).<\/p>\n\n\n\n<h4 class=\"wp-block-heading\">Wer \u00fcbernimmt die technische Verarbeitung Ihrer Daten?<\/h4>\n\n\n\n<p>Diese Website wird von der nachfolgenden Firma gehostet:<\/p>\n\n\n\n<p>MESHWORK IT GmbH<br>Nadorster Str. 292<br>26125 Oldenburg<br>Deutchland<br>Mail: <a href=\"mailto:mail@meshwork.de\">mail@meshwork.de<\/a><br>Tel.&nbsp;&nbsp;&nbsp;&nbsp;&nbsp; +49 441 \/ 88 522 100<br>Fax&nbsp;&nbsp;&nbsp;&nbsp;&nbsp; +49 441 \/ 88 522 110<\/p>\n\n\n\n<p>Die technische Verarbeitung Ihrer Daten, die Sie unter der Unter\u00fcberschrift \u201eWebsite und Logfiles\u201c, unter \u201eCookies\u201c und \u201eKontakt\u201c finden, erfolgt durch diesen Hoster. Der Hoster stellt nur die Technik zur Verf\u00fcgung. Er selbst nimmt keine inhaltliche Verarbeitung Ihrer personenbezogenen Daten vor. Trotz dessen wurde mit ihm ein sog. Auftragsverarbeitungsvertrag (AV-Vertrag) geschlossen, der ihn zur Vertraulichkeit verpflichtet.<\/p>\n\n\n\n<p>Der Auftragsverarbeiter hat au\u00dferdem ein Sicherheitskonzept erstellt, das die gem\u00e4\u00df Art. 32 DSGVO ergriffenen Datensicherheitsmechanismen einschlie\u00dflich des Verfahrens zur regelm\u00e4\u00dfigen \u00dcberpr\u00fcfung, Bewertung und Evaluierung der Wirksamkeit (Datenschutzmanagement) beschreibt.<\/p>\n\n\n\n<p>Dazu geh\u00f6ren die Minimierung der Verarbeitung personenbezogener Daten, automatisierte L\u00f6schung, schnellstm\u00f6gliche Pseudonymisierung, Transparenz in Bezug auf die Funktionen und die Verarbeitung personenbezogener Daten, Prozesse f\u00fcr die Rechtewahrnehmung durch betroffene Personen und Erweiterbarkeit um zus\u00e4tzliche Sicherheitsfunktionalit\u00e4t.<\/p>\n\n\n\n<p>Der Hoster betreibt seine Systeme auf geh\u00e4rteten, besonders gesch\u00fctzten und redundanten (in Deutschland gelegenen) Serversystemen, die durch laufende Sicherheitsupdates bestm\u00f6glich gegen Hackerangriffe gesichert sind.<\/p>\n\n\n\n<h4 class=\"wp-block-heading\">SSL-Verschl\u00fcsselung (https)<\/h4>\n\n\n\n<p>Diese Webseite nutzt aus Sicherheitsgr\u00fcnden und zum Schutz der \u00dcbertragung der Inhalte eine SSL-bzw. TLS-Verschl\u00fcsselung. Eine verschl\u00fcsselte Verbindung erkennen Sie daran, dass die Adresszeile des Browsers von http:\/\/ auf https:\/\/ wechselt und an dem Schloss-Symbol in Ihrer Browserzeile.<\/p>\n\n\n\n<p>Wenn die SSL- bzw. &nbsp;TLS-Verschl\u00fcsselung aktiviert ist, k\u00f6nnen die Daten, die Sie \u00fcber diese Webseite \u00fcbermitteln,&nbsp;nicht von Dritten mitgelesen werden. Allerdings weisen wir darauf hin, dass kein technisches System oder Verschl\u00fcsselungsverfahren einen 100%igen Schutz gew\u00e4hrleisten kann und daher keine Verantwortung f\u00fcr Ihre Daten \u00fcbernehmen werden kann, wenn Sie uns diese per E-Mail \u00fcbermitteln.<\/p>\n\n\n\n<h4 class=\"wp-block-heading\">Datenl\u00f6schung und Speicherdauer<\/h4>\n\n\n\n<p>Bei Zweckfortfall werden personenbezogenen Daten der betroffenen Person gel\u00f6scht oder gesperrt. Eine Pflicht zur Speicherung kann auch aufgrund europ\u00e4ischer oder nationaler Gesetze oder sonstiger Vorschriften erfolgen.<br>Soweit eine gesetzliche Aufbewahrungsfrist endet werden wir die entsprechenden personenbezogenen Daten unverz\u00fcglich l\u00f6schen.<\/p>\n\n\n\n<h4 class=\"wp-block-heading\">Website und Logfiles<\/h4>\n\n\n\n<p>Wenn diese Webseite von Ihnen aufgerufen wird, so werden automatisiert einige Daten \u00fcber das aufgerufene System erfasst. An dieser Stelle m\u00f6chten wir Sie dar\u00fcber informieren, um welche Daten es sich dabei handelt:<br>\u2013 die IP-Adresse.<br>Dabei werden die IP-Adressen in der Mitte geteilt und nur der erste Teil gespeichert. Der hintere Teil wird durch \u201e0\u201c ersetzt. Dadurch kann man nicht mehr darauf schlie\u00dfen, wer genau darauf zugegriffen hat.<\/p>\n\n\n\n<p>Neben der anonymisierten IP-Adresse wird im Logfile Folgendes gespeichert:<\/p>\n\n\n\n<ul class=\"wp-block-list\">\n<li>Uhrzeit und Datum der Anfrage<\/li>\n\n\n\n<li>Typ der Anfrage (GET, POST usw.)<\/li>\n\n\n\n<li>Die vom Besucher abgefragte Seite (also z.B. das Impressum)<\/li>\n\n\n\n<li>Ggf. Referer URL (sofern vom Browser \u00fcbergeben)<\/li>\n\n\n\n<li>HTTP-Code und Gr\u00f6\u00dfe der zur\u00fcckgeschickten Daten<\/li>\n\n\n\n<li>User-Agent (Browsertyp, Browserversion, Betriebssystem)<\/li>\n<\/ul>\n\n\n\n<p>Die Speicherung der o.g. Daten und der Logfiles findet ihre gesetzliche Grundlage in Art. 6 Abs. 1 lit. f DS-GVO.<\/p>\n\n\n\n<p>Die vor\u00fcbergehende Speicherung der IP-Adresse ist notwendig, um eine technisch einwandfreie Auslieferung der Website an den Rechner des Nutzers zu erm\u00f6glichen. Hierf\u00fcr muss die IP-Adresse des Nutzers f\u00fcr die Dauer der Sitzung gespeichert bleiben.<\/p>\n\n\n\n<p>Die Speicherung in Logfiles erfolgt, um die Funktionsf\u00e4higkeit der Website sicherzustellen. Zudem dienen diese Daten zur Sicherung unserer informationstechnischen Systeme.<\/p>\n\n\n\n<p>Eine Auswertung der Daten zu Marketingzwecken findet zu keiner Zeit statt.<\/p>\n\n\n\n<p>Die Daten werden gel\u00f6scht, sobald sie f\u00fcr die Erreichung des Zweckes ihrer Erhebung nicht mehr erforderlich sind. Ansonsten werden Ihre Daten grunds\u00e4tzlich nur solange verarbeitet, wie dies f\u00fcr die Erf\u00fcllung unseres Vertrages mit Ihnen erforderlich ist oder etwaige Rechtsvorschriften uns hierzu verpflichten.<\/p>\n\n\n\n<p>Im Falle der Speicherung der Daten in Logfiles ist dies nach sp\u00e4testens vierzehn Tagen der Fall. Danach werden sie durch eine automatisierte L\u00f6schroutine gel\u00f6scht, sodass eine Zuordnung des aufrufenden Clients nicht mehr m\u00f6glich ist. Die 14-t\u00e4gige Speicherung ist notwendig, um beispielsweise bei einem Missbrauch der Webseite gegen Hacker vorgehen zu k\u00f6nnen. Ein solcher Missbrauch f\u00e4llt nicht immer sofort auf, sondern kann durch die Einschleusung von Trojanern auch sp\u00e4ter erkannt werden.<\/p>\n\n\n\n<h4 class=\"wp-block-heading\">Contact<\/h4>\n\n\n\n<p>Soweit Sie der Gesellschaft eine direkte E-Mail senden, werden die personenbezogenen Daten gespeichert, die Sie innerhalb der Nachricht angeben.<\/p>\n\n\n\n<p>Die Rechtsgrundlage daf\u00fcr ist Art. 6 Abs. 1 lit. f DS-GVO.<\/p>\n\n\n\n<p>Falls Sie uns besondere Kategorien personenbezogener Daten direkt per E-Mail senden, gehen wir von einer sog. \u201eaufgedr\u00e4ngten Bereicherung\u201c gem. \u00a7\u00a7 812 ff. BGB aus, da Sie uns diese unaufgefordert haben zukommen lassen und wir \u00fcber unsere Webseite keine M\u00f6glichkeit haben eine ausdr\u00fcckliche Einwilligung gem. Art. 9 Abs. 2 lit. a DS-GVO einzuholen.<\/p>\n\n\n\n<p>Im Regelfall werden E-Mails zwar auf dem Transportweg verschl\u00fcsselt, aber nicht auf den Servern, von denen sie abgesendet und empfangen werden. Wir k\u00f6nnen daher f\u00fcr den \u00dcbertragungsweg der E-Mails zwischen dem Absenden und dem Empfang auf dem Server unseres Auftragsverarbeiters keine Verantwortung \u00fcbernehmen.<\/p>\n\n\n\n<p>Die Daten werden gel\u00f6scht, wenn die vorgenannten Zwecke f\u00fcr die Datenverarbeitung erreicht sind, bzw. der Gesetzgeber uns dies erlaubt.<br>Wenn Sie eine E-Mail an uns senden ist der Zweck erreicht, wenn unsere Kommunikation endet, da Ihr Anliegen abschlie\u00dfend gekl\u00e4rt wurde, sofern sich kein Auftrag, etc. anschlie\u00dft.<\/p>\n\n\n\n<p>Bei einer Kontaktaufnahme mit uns k\u00f6nnen Sie einer Speicherung Ihrer Daten widersprechen, indem Sie dieses im E-Mailtext angeben. Eine weitere Kontaktaufnahme durch uns ist in diesem Fall nicht mehr m\u00f6glich. D.h. Ihre Anfrage kann nicht beantwortet werden und muss unverz\u00fcglich gel\u00f6scht werden. Es sei denn, der Inhalt der E-Mail ist f\u00fcr eine Strafverfolgung notwendig, wie dies bei einer Beleidigung gem. \u00a7 185 Strafgesetzbuch (StGB) der Fall w\u00e4re. In diesem Fall st\u00fctzt sich die Speicherung auf Art. 6 Abs. 1 lit. f DS-GVO, da wir ein berechtigtes Interesse an der Verfolgung einer Straftat h\u00e4tten.<\/p>\n\n\n\n<p>Den Widerspruch k\u00f6nnen Sie uns auch danach in jeder Form mitteilen, u.a. durch meine Kontaktierung als Verantwortlicher der Gesesllschaft.<\/p>\n\n\n\n<h4 class=\"wp-block-heading\">Bewerber<\/h4>\n\n\n\n<p>Wir bitten von Initiativbewerbungen abzusehen, da wir, falls freie Stellen vorhanden w\u00e4ren, diese auf der Webseite kenntlich machen w\u00fcrden. Sollten Sie uns dennoch eine Initiativbewerbung zusenden, m\u00f6chten wir Sie hier dar\u00fcber aufkl\u00e4ren, was mit Ihren Daten geschieht.<\/p>\n\n\n\n<p>Die personenbezogenen Daten im Rahmen eines Bewerbungsverfahrens werden von Ihnen freiwillig zur Verf\u00fcgung gestellt.<\/p>\n\n\n\n<p>Die angegebenen Daten, bzw. Unterlagen werden im Rahmen der f\u00fcr Bewerbungen \u00fcblichen Speicherfrist 6 Monate lang aufbewahrt oder so lange, bis etwaige Rechtsanspr\u00fcche gegen die Gesellschaft abgewehrt werden k\u00f6nnen.<\/p>\n\n\n\n<p>Soweit die Verarbeitung zur Abwehr von m\u00f6glicherweise geltend gemachten Rechtsanspr\u00fcchen aus dem Bewerbungsverfahren gegen die Gesellschaft erforderlich ist, wird die Verarbeitung auf Art. 6 Abs. 1 lit. f DS-GVO gest\u00fctzt. Das berechtigte Interesse besteht hier darin, dass uns nur so eine Beweisf\u00fchrung in einem solchen Prozess erm\u00f6glicht wird.<\/p>\n\n\n\n<p>Ihre Unterlagen werden Ihnen nicht zur\u00fcckgesandt, sondern datenbasiert oder im Fall von postalischen Bewerbungen physikalisch so vernichtet, dass sie nach dem heutigen Stand der Technik nicht mehr lesbar gemacht werden k\u00f6nnen.<\/p>\n\n\n\n<p>Das berechtigte Interesse, die Daten nach der o.g. Speicherfrist zu l\u00f6schen leitet sich ebenfalls aus Art. 6 Abs. 1 lit. f DS-GVO ab, da uns die R\u00fccksendung ungefragt zugesandter Dokumente betriebswirtschaftliche Kosten auferlegen w\u00fcrden, die wir nicht zu tragen bereit sind.<\/p>\n\n\n\n<h4 class=\"wp-block-heading\">Betroffenenrechte<\/h4>\n\n\n\n<p>Soweit personenbezogene Daten von Ihnen verarbeitet werden, sind Sie nach der DS-GVO sogenannter Betroffener. In diesem Fall stehen Ihnen folgende Rechte gegen\u00fcber dem Verantwortlichen zu, das Recht auf Negativauskunft tritt hinzu, falls wir nichts \u00fcber Sie gespeichert haben.<\/p>\n\n\n\n<h4 class=\"wp-block-heading\">Auskunftsrecht<\/h4>\n\n\n\n<p>Neben der Auskunft, ob \u00fcberhaupt Daten \u00fcber Sie gespeichert wurden, haben Sie ein generelles Auskunftsrecht. Bei einer Verarbeitung Ihrer personenbezogenen Daten, k\u00f6nnen Sie \u00fcber die folgenden Informationen Auskunft verlangen:<br>Nach dem Gesetzeswortlaut des Art. 15 DS-GVO werden wir Sie auf Ihr Verlangen unterrichten \u00fcber die Zwecke, zu denen die personenbezogenen Daten verarbeitet werden; die Kategorien von personenbezogenen Daten, welche verarbeitet werden; die Empf\u00e4nger bzw. die Kategorien von Empf\u00e4ngern, gegen\u00fcber denen die Sie betreffenden personenbezogenen Daten offengelegt wurden oder noch offengelegt werden; die geplante Dauer der Speicherung der Sie betreffenden personenbezogenen Daten oder, falls konkrete Angaben hierzu nicht m\u00f6glich sind, Kriterien f\u00fcr die Festlegung der Speicherdauer.<\/p>\n\n\n\n<p>Des Weiteren werden Sie hingewiesen auf das Bestehen eines Rechts auf Berichtigung oder L\u00f6schung der Sie betreffenden personenbezogenen Daten, eines Rechts auf Einschr\u00e4nkung der Verarbeitung durch den Verantwortlichen oder eines Widerspruchsrechts gegen diese Verarbeitung; auf das Bestehen eines Beschwerderechts bei einer Aufsichtsbeh\u00f6rde.<\/p>\n\n\n\n<p>Dar\u00fcber hinaus informieren wir Sie auch \u00fcber alle verf\u00fcgbaren Informationen die Herkunft der Daten betreffend, wenn die personenbezogenen Daten nicht direkt von uns erhoben wurden; und soweit vorhanden \u00fcber das Bestehen einer automatisierten Entscheidungsfindung einschlie\u00dflich Profiling gem\u00e4\u00df Art. 22 Abs. 1 und 4 DSGVO und \u2013 zumindest in diesen F\u00e4llen \u2013 aussagekr\u00e4ftige Informationen \u00fcber die involvierte Logik sowie die Tragweite und die angestrebten Auswirkungen einer derartigen Verarbeitung f\u00fcr die betroffene Person.<\/p>\n\n\n\n<p>Allerdings f\u00fchren wir mit dieser Webseite kein Profiling oder eine automatisierte Entscheidungsfindung durch.<\/p>\n\n\n\n<p>Ihnen steht weiterhin das Recht zu, Auskunft dar\u00fcber zu verlangen, ob Ihre personenbezogenen Daten in ein Drittland oder an eine internationale Organisation \u00fcbermittelt werden. Sollte dies der Fall sein, werden wir Sie \u00fcber die geeigneten Garantien gem. Art. 46 DSGVO f\u00fcr die \u00dcbermittlung unterrichten.<\/p>\n\n\n\n<h4 class=\"wp-block-heading\">Recht auf Berichtigung<\/h4>\n\n\n\n<p>Das Recht auf Berichtigung und das Recht auf Vervollst\u00e4ndigung werden gew\u00e4hrleistet, wenn personenbezogene Daten \u00fcber Sie unrichtig oder unvollst\u00e4ndig sind. Die Berichtigung wird unverz\u00fcglich, das bedeutet ohne schuldhaftes Z\u00f6gern durch uns vorgenommen.<\/p>\n\n\n\n<h4 class=\"wp-block-heading\">Recht auf Einschr\u00e4nkung der Verarbeitung<\/h4>\n\n\n\n<p>Sie haben das Recht auf Einschr\u00e4nkung der Verarbeitung. In diesem Fall werden Ihre Daten nur noch gespeichert und nicht mehr weiterverwendet. Nach dem Gesetzeswortlaut k\u00f6nnen Sie dieses Recht geltend machen, wenn Sie die Richtigkeit der Sie betreffenden personenbezogenen f\u00fcr eine Dauer bestreiten, die es dem Verantwortlichen erm\u00f6glicht, die Richtigkeit der personenbezogenen Daten zu \u00fcberpr\u00fcfen; wenn die Verarbeitung unrechtm\u00e4\u00dfig ist und Sie die L\u00f6schung der personenbezogenen Daten ablehnen und stattdessen die Einschr\u00e4nkung der Nutzung der personenbezogenen Daten verlangen; wenn der Verantwortliche die personenbezogenen Daten f\u00fcr die Zwecke der Verarbeitung nicht l\u00e4nger ben\u00f6tigt, Sie diese jedoch zur Geltendmachung, Aus\u00fcbung oder Verteidigung von Rechtsanspr\u00fcchen ben\u00f6tigen, oder wenn Sie Widerspruch gegen die Verarbeitung gem\u00e4\u00df Art. 21 Abs. 1 DSGVO eingelegt haben und noch nicht feststeht, ob die berechtigten Gr\u00fcnde des Verantwortlichen gegen\u00fcber Ihren Gr\u00fcnden \u00fcberwiegen.\u2028Soweit die Verarbeitung Ihrer personenbezogenen Daten eingeschr\u00e4nkt wurde, d\u00fcrfen diese Daten mit Ausnahme oben benannter schlichter Speicherung nur noch mit Ihrer Einwilligung oder zur Geltendmachung, Aus\u00fcbung oder Verteidigung von Rechtsanspr\u00fcchen oder zum Schutz der Rechte einer anderen nat\u00fcrlichen oder juristischen Person oder aus Gr\u00fcnden eines wichtigen \u00f6ffentlichen Interesses der Union oder eines Mitgliedstaats verarbeitet werden.<br>Sobald wieder mit den Daten gearbeitet werden soll, die Einschr\u00e4nkung der Verarbeitung also wieder aufgehoben werden soll, werden sie hier\u00fcber informiert.<\/p>\n\n\n\n<h4 class=\"wp-block-heading\">Recht auf L\u00f6schung<\/h4>\n\n\n\n<p>Sie haben das Recht auf L\u00f6schung Ihrer Daten, soweit eine der folgenden F\u00e4lle einschl\u00e4gig ist:<\/p>\n\n\n\n<p>Wir werden die Sie betreffenden personenbezogenen Daten unverz\u00fcglich l\u00f6schen, wenn die Sie betreffenden personenbezogenen Daten f\u00fcr die Zwecke, f\u00fcr die sie erhoben oder auf sonstige Weise verarbeitet wurden, nicht mehr notwendig sind, wenn Sie Ihre Einwilligung widerrufen, auf die sich die Verarbeitung gem. Art. 6 Abs. 1 lit. a oder Art. 9 Abs. 2 lit. a DS-GVO st\u00fctzte und eine anderweitige Rechtsgrundlage f\u00fcr die Verarbeitung nicht besteht.<\/p>\n\n\n\n<p>Wenn Sie gem. Art. 21 Abs. 1 DS-GVO Widerspruch gegen die Verarbeitung einlegen und keine vorrangigen berechtigten Gr\u00fcnde f\u00fcr die Verarbeitung vorliegen, oder Sie gem. Art. 21 Abs. 2 DS-GVO Widerspruch gegen die Verarbeitung einlegen.<\/p>\n\n\n\n<p>Wenn die Sie betreffenden personenbezogenen Daten unrechtm\u00e4\u00dfig verarbeitet wurden.<\/p>\n\n\n\n<p>Wenn die L\u00f6schung der Sie betreffenden personenbezogenen Daten zur Erf\u00fcllung einer rechtlichen Verpflichtung nach dem Unionsrecht oder dem Recht der Mitgliedstaaten erforderlich ist, dem der Verantwortliche unterliegt.<\/p>\n\n\n\n<p>Wenn die Sie betreffenden personenbezogenen Daten in Bezug auf angebotene Dienste der Informationsgesellschaft gem\u00e4\u00df Art. 8 Abs. 1 DS-GVO erhoben wurden.<\/p>\n\n\n\n<h4 class=\"wp-block-heading\">Recht auf Vergessenwerden<\/h4>\n\n\n\n<p>Hat der Verantwortliche die Sie betreffenden personenbezogenen Daten \u00f6ffentlich gemacht (z.B. auf Vereinswebseiten, etc.) und ist er gem. Art. 17 Abs. 1 DS-GVO zu deren L\u00f6schung verpflichtet, so trifft er unter Ber\u00fccksichtigung der verf\u00fcgbaren Technologie und der Implementierungskosten angemessene Ma\u00dfnahmen, auch technischer Art, um f\u00fcr die Datenverarbeitung Verantwortliche, die die personenbezogenen Daten verarbeiten, dar\u00fcber zu informieren, dass Sie als betroffene Person von ihnen die L\u00f6schung aller Links zu diesen personenbezogenen Daten oder von Kopien oder Replikationen dieser personenbezogenen Daten verlangt haben.<\/p>\n\n\n\n<p>Bei dieser ist diese M\u00f6glichkeit der Rechtsaus\u00fcbung jedoch nur theoretischer Natur, da wir selbstverst\u00e4ndlich keine Daten von Ihnen ver\u00f6ffentlichen. Wir haben dieses Recht daher nur der Vollst\u00e4ndigkeit halber genannt.<\/p>\n\n\n\n<h4 class=\"wp-block-heading\">Ausnahmen von dem Recht auf L\u00f6schung<\/h4>\n\n\n\n<p>Das Recht auf L\u00f6schung kann eingeschr\u00e4nkt sein. Dies ist der Fall, wenn die Daten f\u00fcr die folgenden Zwecke erforderlich sind:<br>N\u00e4mlich nach dem Gesetzeswortlaut zur Aus\u00fcbung des Rechts auf freie Meinungs\u00e4u\u00dferung und Information; zur Erf\u00fcllung einer rechtlichen Verpflichtung, die die Verarbeitung nach dem Recht der Union oder der Mitgliedstaaten, dem der Verantwortliche unterliegt, erfordert (z.B. gesetzliche Aufbewahrungsvorschriften), oder zur Wahrnehmung einer Aufgabe, die im \u00f6ffentlichen Interesse liegt oder in Aus\u00fcbung \u00f6ffentlicher Gewalt erfolgt, die dem Verantwortlichen \u00fcbertragen wurde; aus Gr\u00fcnden des \u00f6ffentlichen Interesses im Bereich der \u00f6ffentlichen Gesundheit gem\u00e4\u00df Art. 9 Abs. 2 lit. h und i sowie Art. 9 Abs. 3 DSGVO; f\u00fcr im \u00f6ffentlichen Interesse liegende Archivzwecke, wissenschaftliche oder historische Forschungszwecke oder f\u00fcr statistische Zwecke gem. Art. 89 Abs. 1 DSGVO, soweit das unter Abschnitt a) genannte Recht voraussichtlich die Verwirklichung der Ziele dieser Verarbeitung unm\u00f6glich macht oder ernsthaft beeintr\u00e4chtigt, oder zur Geltendmachung, Aus\u00fcbung oder Verteidigung von Rechtsanspr\u00fcchen.<\/p>\n\n\n\n<h4 class=\"wp-block-heading\">Recht auf Unterrichtung<\/h4>\n\n\n\n<p>Wenn Sie als Betroffener das Recht auf Berichtigung, L\u00f6schung oder Einschr\u00e4nkung der Verarbeitung aus\u00fcben, ist der Verantwortliche verpflichtet, jedem Empf\u00e4nger, dem die entsprechenden personenbezogenen Daten offengelegt wurden, die Geltendmachung der Berichtigung oder L\u00f6schung der Daten oder Einschr\u00e4nkung der Verarbeitung durch den Betroffenen mitzuteilen. Dies gilt allerdings nicht, wenn sich dies als unm\u00f6glich erweist oder mit einem unverh\u00e4ltnism\u00e4\u00dfigen Aufwand verbunden ist.<br>Ihnen steht gegen\u00fcber dem Verantwortlichen das Recht zu, \u00fcber diese Empf\u00e4nger unterrichtet zu werden.<\/p>\n\n\n\n<h4 class=\"wp-block-heading\">Recht auf Datenportabilit\u00e4t (Daten\u00fcbertragbarkeit)<\/h4>\n\n\n\n<p>Ihnen steht als Betroffener das Recht zu, die Sie betreffenden personenbezogenen Daten, die Sie an einen Verantwortlichen gegeben haben, in einem strukturierten, g\u00e4ngigen und maschinenlesbaren Format heraus zu verlangen.<br>Hinzu kommt das Recht diese Daten einem Dritten Ihrer Wahl zukommen zu lassen. Der Verantwortliche wird Sie nicht dabei behindern die Daten an den neuen Verantwortlichen zu \u00fcbertragen, sofern die Verarbeitung auf einer Einwilligung gem. Art. 6 Abs. 1 lit. a DSGVO oder Art. 9 Abs. 2 lit. a DSGVO oder auf einem Vertrag gem. Art. 6 Abs. 1 lit. b DSGVO beruht und die Verarbeitung mithilfe automatisierter Verfahren erfolgt.<br>Soweit dies technisch machbar ist und die Freiheiten und Rechte anderer Personen hierdurch nicht beeintr\u00e4chtigt werden, steht Ihnen zudem das Recht zu das Ihre personenbezogenen Daten direkt vom urspr\u00fcnglichen Verantwortlichen an den neuen Verantwortlichen \u00fcbertragen werden.<br>Dies gilt z.B. dann, wenn Sie mir mit einer E-Mail personenbezogene Daten \u00fcbermitteln, die ein berechtigter Dritter f\u00fcr Ihre Weiterbetreuung oder andere Zwecke ben\u00f6tigt.<br>Das Recht auf Datenportabilit\u00e4t gilt jedoch nicht in allen F\u00e4llen. Ist die Verarbeitung Ihrer personenbezogenen Daten erforderlich f\u00fcr die Wahrnehmung einer Aufgabe ist, die im \u00f6ffentlichen Interesse liegt oder in Aus\u00fcbung \u00f6ffentlicher Gewalt erfolgt, die dem Verantwortlichen \u00fcbertragen wurde.<\/p>\n\n\n\n<h4 class=\"wp-block-heading\">Widerspruchsrecht<\/h4>\n\n\n\n<p>Ihnen steht in verschiedenen Situationen ein Widerspruchsrecht gegen die Verarbeitung zu. Sie werden daher unterrichtet, dass Sie das Recht haben jederzeit gegen die Verarbeitung der Sie betreffenden personenbezogenen Daten, die auf Basis der Rechtsgrundlage Art. 6 Abs. 1 lit. e oder f DS-GVO durchgef\u00fchrt wird, Ihren Widerspruch beim Verantwortlichen einzulegen.<br>In diesem Fall werden personenbezogene Daten des Betroffenen nicht mehr verarbeitet, es sei denn, der Verantwortliche kann zwingende schutzw\u00fcrdige Gr\u00fcnde nachweisen, die schwerer wiegen als Ihre Interessen als Betroffener und Ihre Rechte und Freiheiten. Ebenso kann die Verarbeitung weiterhin erfolgen, wenn sie der Geltendmachung, Aus\u00fcbung oder Verteidigung von Rechtsanspr\u00fcchen dient.<br>Ihnen steht im Zusammenhang mit der Nutzung von Diensten der Informationsgesellschaft das Recht zu, Ihren Widerspruch mittels automatisierter Verfahren auszu\u00fcben, bei denen technische Spezifikationen verwendet werden. Die Regelegungen und Ihre Rechte aus der Richtlinie 2002\/58\/EG bleiben hiervon unber\u00fchrt.<\/p>\n\n\n\n<h4 class=\"wp-block-heading\">Recht auf Widerruf der datenschutzrechtlichen Einwilligungserkl\u00e4rung<\/h4>\n\n\n\n<p>Sie haben das Recht, Ihre Einwilligung jederzeit ohne Angabe von Gr\u00fcnden gem. Art. 7 Abs. 3 Satz 1 i.V.m. Art. 13 Abs. 2 lit. c DS-GVO zu widerrufen. Der Widerruf gilt grunds\u00e4tzlich nur f\u00fcr die Zukunft. Das bedeutet, dass durch den Widerruf der Einwilligungserkl\u00e4rung die bisherige Verarbeitung bis zum Eingang des Widerrufs der Einwilligung nicht rechtswidrig wird.<br>Recht auf Beschwerde bei einer Aufsichtsbeh\u00f6rde<br>Sie haben das Recht auf Beschwerde bei einer Aufsichtsbeh\u00f6rde. Die f\u00fcr Sie zust\u00e4ndige Aufsichtsbeh\u00f6rde ist die Ihres Wohnortes, die Sie unter diesem Link anhand Ihres Bundeslandes ermitteln k\u00f6nnen:<br>https:\/\/www.datenschutz-wiki.de\/Aufsichtsbeh%C3%B6rden_und_Landesdatenschutzbeauftragte<br>Es bleibt Ihnen unbenommen dar\u00fcber hinaus etwaige andere Rechtsbehelfe vor Verwaltungs- oder Zivilgerichten geltend zu machen.\u2028Die Aufsichtsbeh\u00f6rde, bei der Sie Ihre Beschwerde eingereicht haben, wird Sie gerne \u00fcber den aktuellen Stand der Ergebnisse unterrichten und Ihnen m\u00f6gliche Rechtsbehelfe anzeigen.<\/p>\n\n\n\n<h4 class=\"wp-block-heading\">Google Web Fonts (lokales Hosting)<\/h4>\n\n\n\n<p>Unsere Website verwendet Web Fonts von Google. Anbieter ist die Google Inc., 1600 Amphitheatre Parkway, Mountain View, CA 94043, USA.<br>Durch den Einsatz dieser Web Fonts wird es m\u00f6glich Ihnen die von uns gew\u00fcnschte Darstellung unserer Website zu pr\u00e4sentieren, unabh\u00e4ngig davon welche Schriften Ihnen lokal zur Verf\u00fcgung stehen. Dies erfolgt \u00fcber den Abruf der Google Web Fonts von einem Server von Google in den USA und der damit verbundenen Weitergabe Ihre Daten an Google. Dabei handelt es sich um Ihre IP-Adresse und welche Seite Sie bei uns besucht haben. Der Einsatz von Google Web Fonts erfolgt auf Grundlage von Art. 6 Abs. 1 lit. f DSGVO. Als Betreiber dieser Website haben wir ein berechtigtes Interesse an der optimalen Darstellung und \u00dcbertragung unseres Webauftritts.<br>Das Unternehmen Google ist f\u00fcr das us-europ\u00e4ische Datenschutz\u00fcbereinkommen \u201ePrivacy Shield\u201c zertifiziert. Dieses Datenschutz\u00fcbereinkommen soll die Einhaltung des in der EU geltenden Datenschutzniveaus gew\u00e4hrleisten.<br>Einzelheiten \u00fcber Google Web Fonts finden Sie unter: https:\/\/www.google.com\/fonts#AboutPlace:about und weitere Informationen in den Datenschutzbestimmungen von Google: https:\/\/policies.google.com\/privacy\/partners?hl=de<\/p>\n\n\n\n<h4 class=\"wp-block-heading\">\u00c4nderung und Aktualisierung der Datenschutzerkl\u00e4rung<\/h4>\n\n\n\n<p>Ich bitte Sie, sich regelm\u00e4\u00dfig \u00fcber den Inhalt unserer Datenschutzerkl\u00e4rung zu informieren. Wir passen die Datenschutzerkl\u00e4rung an, sobald die \u00c4nderungen der von uns durchgef\u00fchrten Datenverarbeitungen dies erforderlich machen. Wir informieren Sie hier, sobald durch die \u00c4nderungen eine Mitwirkungshandlung Ihrerseits (z.B. Einwilligung) oder eine sonstige individuelle Benachrichtigung erforderlich wird.<br>Sofern wir in dieser Datenschutzerkl\u00e4rung Adressen, einschlie\u00dflich Internetadressen und Kontaktinformationen von Unternehmen und Organisationen angebe, bitte wir zu beachten, dass die Adressen sich \u00fcber die Zeit \u00e4ndern k\u00f6nnen und bitten die Angaben vor Kontaktaufnahme zu pr\u00fcfen. Jederzeit sind wir f\u00fcr Ihre Hinweise dankbar.<\/p>\n\n<\/div>\n<\/div>","protected":false},"excerpt":{"rendered":"<p>Datenschutzerkl\u00e4rung entsprechend der gesetzlichen Vorgaben nach Art. 13 und 14 der Datenschutzgrundverordnung (DS-GVO) Die Firma blueMEC GmbH \u2013 vertreten durch den Gesch\u00e4ftsf\u00fchrer Bastian Gruschka kommt mit dieser Datenschutzerkl\u00e4rung ihrer Informationspflicht gem. Artikel 12 i.V.m. Artikel 13 der EU-Datenschutzgrundverordnung (DS-GVO), bzw. gem. Artikel 14 DS-GVO nach. Im letzteren Fall, nur, falls die Gesellschaft oder ihr Vertreter &#8230; <a title=\"Privacy protection\" class=\"read-more\" href=\"https:\/\/bluemec.de\/en\/datenschutz\/\" aria-label=\"Read more about Datenschutz\">Read more<\/a><\/p>","protected":false},"author":1,"featured_media":0,"parent":0,"menu_order":0,"comment_status":"closed","ping_status":"closed","template":"","meta":{"inline_featured_image":false,"footnotes":""},"class_list":["post-951","page","type-page","status-publish"],"yoast_head":"<!-- This site is optimized with the Yoast SEO plugin v27.5 - https:\/\/yoast.com\/product\/yoast-seo-wordpress\/ -->\n<title>Datenschutz - blueMEC<\/title>\n<meta name=\"robots\" content=\"index, follow, max-snippet:-1, max-image-preview:large, max-video-preview:-1\" \/>\n<link rel=\"canonical\" href=\"https:\/\/bluemec.de\/en\/datenschutz\/\" \/>\n<meta property=\"og:locale\" content=\"en_GB\" \/>\n<meta property=\"og:type\" content=\"article\" \/>\n<meta property=\"og:title\" content=\"Datenschutz - blueMEC\" \/>\n<meta property=\"og:description\" content=\"Datenschutzerkl\u00e4rung entsprechend der gesetzlichen Vorgaben nach Art. 13 und 14 der Datenschutzgrundverordnung (DS-GVO) Die Firma blueMEC GmbH \u2013 vertreten durch den Gesch\u00e4ftsf\u00fchrer Bastian Gruschka kommt mit dieser Datenschutzerkl\u00e4rung ihrer Informationspflicht gem. Artikel 12 i.V.m. Artikel 13 der EU-Datenschutzgrundverordnung (DS-GVO), bzw. gem. Artikel 14 DS-GVO nach. Im letzteren Fall, nur, falls die Gesellschaft oder ihr Vertreter ... Read more\" \/>\n<meta property=\"og:url\" content=\"https:\/\/bluemec.de\/en\/datenschutz\/\" \/>\n<meta property=\"og:site_name\" content=\"blueMEC\" \/>\n<meta property=\"article:modified_time\" content=\"2025-02-18T09:22:02+00:00\" \/>\n<meta name=\"twitter:card\" content=\"summary_large_image\" \/>\n<meta name=\"twitter:label1\" content=\"Estimated reading time\" \/>\n\t<meta name=\"twitter:data1\" content=\"22 minutes\" \/>\n<script type=\"application\/ld+json\" class=\"yoast-schema-graph\">{\"@context\":\"https:\\\/\\\/schema.org\",\"@graph\":[{\"@type\":\"WebPage\",\"@id\":\"https:\\\/\\\/bluemec.de\\\/datenschutz\\\/\",\"url\":\"https:\\\/\\\/bluemec.de\\\/datenschutz\\\/\",\"name\":\"Datenschutz - blueMEC\",\"isPartOf\":{\"@id\":\"https:\\\/\\\/bluemec.de\\\/#website\"},\"datePublished\":\"2024-06-04T20:15:48+00:00\",\"dateModified\":\"2025-02-18T09:22:02+00:00\",\"breadcrumb\":{\"@id\":\"https:\\\/\\\/bluemec.de\\\/datenschutz\\\/#breadcrumb\"},\"inLanguage\":\"en-GB\",\"potentialAction\":[{\"@type\":\"ReadAction\",\"target\":[\"https:\\\/\\\/bluemec.de\\\/datenschutz\\\/\"]}]},{\"@type\":\"BreadcrumbList\",\"@id\":\"https:\\\/\\\/bluemec.de\\\/datenschutz\\\/#breadcrumb\",\"itemListElement\":[{\"@type\":\"ListItem\",\"position\":1,\"name\":\"Startseite\",\"item\":\"https:\\\/\\\/bluemec.de\\\/\"},{\"@type\":\"ListItem\",\"position\":2,\"name\":\"Datenschutz\"}]},{\"@type\":\"WebSite\",\"@id\":\"https:\\\/\\\/bluemec.de\\\/#website\",\"url\":\"https:\\\/\\\/bluemec.de\\\/\",\"name\":\"blueMEC\",\"description\":\"We create customised solutions\",\"publisher\":{\"@id\":\"https:\\\/\\\/bluemec.de\\\/#organization\"},\"potentialAction\":[{\"@type\":\"SearchAction\",\"target\":{\"@type\":\"EntryPoint\",\"urlTemplate\":\"https:\\\/\\\/bluemec.de\\\/?s={search_term_string}\"},\"query-input\":{\"@type\":\"PropertyValueSpecification\",\"valueRequired\":true,\"valueName\":\"search_term_string\"}}],\"inLanguage\":\"en-GB\"},{\"@type\":\"Organization\",\"@id\":\"https:\\\/\\\/bluemec.de\\\/#organization\",\"name\":\"blueMEC\",\"url\":\"https:\\\/\\\/bluemec.de\\\/\",\"logo\":{\"@type\":\"ImageObject\",\"inLanguage\":\"en-GB\",\"@id\":\"https:\\\/\\\/bluemec.de\\\/#\\\/schema\\\/logo\\\/image\\\/\",\"url\":\"https:\\\/\\\/bluemec.de\\\/wp-content\\\/uploads\\\/2024\\\/03\\\/blueMEC_2022.svg\",\"contentUrl\":\"https:\\\/\\\/bluemec.de\\\/wp-content\\\/uploads\\\/2024\\\/03\\\/blueMEC_2022.svg\",\"caption\":\"blueMEC\"},\"image\":{\"@id\":\"https:\\\/\\\/bluemec.de\\\/#\\\/schema\\\/logo\\\/image\\\/\"}}]}<\/script>\n<!-- \/ Yoast SEO plugin. -->","yoast_head_json":{"title":"Datenschutz - blueMEC","robots":{"index":"index","follow":"follow","max-snippet":"max-snippet:-1","max-image-preview":"max-image-preview:large","max-video-preview":"max-video-preview:-1"},"canonical":"https:\/\/bluemec.de\/en\/datenschutz\/","og_locale":"en_GB","og_type":"article","og_title":"Datenschutz - blueMEC","og_description":"Datenschutzerkl\u00e4rung entsprechend der gesetzlichen Vorgaben nach Art. 13 und 14 der Datenschutzgrundverordnung (DS-GVO) Die Firma blueMEC GmbH \u2013 vertreten durch den Gesch\u00e4ftsf\u00fchrer Bastian Gruschka kommt mit dieser Datenschutzerkl\u00e4rung ihrer Informationspflicht gem. Artikel 12 i.V.m. Artikel 13 der EU-Datenschutzgrundverordnung (DS-GVO), bzw. gem. Artikel 14 DS-GVO nach. Im letzteren Fall, nur, falls die Gesellschaft oder ihr Vertreter ... Read more","og_url":"https:\/\/bluemec.de\/en\/datenschutz\/","og_site_name":"blueMEC","article_modified_time":"2025-02-18T09:22:02+00:00","twitter_card":"summary_large_image","twitter_misc":{"Estimated reading time":"22 minutes"},"schema":{"@context":"https:\/\/schema.org","@graph":[{"@type":"WebPage","@id":"https:\/\/bluemec.de\/datenschutz\/","url":"https:\/\/bluemec.de\/datenschutz\/","name":"Datenschutz - blueMEC","isPartOf":{"@id":"https:\/\/bluemec.de\/#website"},"datePublished":"2024-06-04T20:15:48+00:00","dateModified":"2025-02-18T09:22:02+00:00","breadcrumb":{"@id":"https:\/\/bluemec.de\/datenschutz\/#breadcrumb"},"inLanguage":"en-GB","potentialAction":[{"@type":"ReadAction","target":["https:\/\/bluemec.de\/datenschutz\/"]}]},{"@type":"BreadcrumbList","@id":"https:\/\/bluemec.de\/datenschutz\/#breadcrumb","itemListElement":[{"@type":"ListItem","position":1,"name":"Startseite","item":"https:\/\/bluemec.de\/"},{"@type":"ListItem","position":2,"name":"Datenschutz"}]},{"@type":"WebSite","@id":"https:\/\/bluemec.de\/#website","url":"https:\/\/bluemec.de\/","name":"blueMEC","description":"We create customised solutions","publisher":{"@id":"https:\/\/bluemec.de\/#organization"},"potentialAction":[{"@type":"SearchAction","target":{"@type":"EntryPoint","urlTemplate":"https:\/\/bluemec.de\/?s={search_term_string}"},"query-input":{"@type":"PropertyValueSpecification","valueRequired":true,"valueName":"search_term_string"}}],"inLanguage":"en-GB"},{"@type":"Organization","@id":"https:\/\/bluemec.de\/#organization","name":"blueMEC","url":"https:\/\/bluemec.de\/","logo":{"@type":"ImageObject","inLanguage":"en-GB","@id":"https:\/\/bluemec.de\/#\/schema\/logo\/image\/","url":"https:\/\/bluemec.de\/wp-content\/uploads\/2024\/03\/blueMEC_2022.svg","contentUrl":"https:\/\/bluemec.de\/wp-content\/uploads\/2024\/03\/blueMEC_2022.svg","caption":"blueMEC"},"image":{"@id":"https:\/\/bluemec.de\/#\/schema\/logo\/image\/"}}]}},"_links":{"self":[{"href":"https:\/\/bluemec.de\/en\/wp-json\/wp\/v2\/pages\/951","targetHints":{"allow":["GET"]}}],"collection":[{"href":"https:\/\/bluemec.de\/en\/wp-json\/wp\/v2\/pages"}],"about":[{"href":"https:\/\/bluemec.de\/en\/wp-json\/wp\/v2\/types\/page"}],"author":[{"embeddable":true,"href":"https:\/\/bluemec.de\/en\/wp-json\/wp\/v2\/users\/1"}],"replies":[{"embeddable":true,"href":"https:\/\/bluemec.de\/en\/wp-json\/wp\/v2\/comments?post=951"}],"version-history":[{"count":5,"href":"https:\/\/bluemec.de\/en\/wp-json\/wp\/v2\/pages\/951\/revisions"}],"predecessor-version":[{"id":991,"href":"https:\/\/bluemec.de\/en\/wp-json\/wp\/v2\/pages\/951\/revisions\/991"}],"wp:attachment":[{"href":"https:\/\/bluemec.de\/en\/wp-json\/wp\/v2\/media?parent=951"}],"curies":[{"name":"wp","href":"https:\/\/api.w.org\/{rel}","templated":true}]}}